{"id":1504,"date":"2022-01-01T09:00:34","date_gmt":"2022-01-01T09:00:34","guid":{"rendered":"https:\/\/www.ifc-tor.org\/downloads\/2021-council-1st-input-srdeborah\/"},"modified":"2022-01-01T09:00:34","modified_gmt":"2022-01-01T09:00:34","slug":"2021-council-1st-input-srdeborah-3","status":"publish","type":"wpdmpro","link":"https:\/\/www.ifc-tor.org\/es\/wpdm-package\/2021-council-1st-input-srdeborah-3\/","title":{"rendered":"1. Beitrag des Rates &#8211; Schwester Deborah"},"content":{"rendered":"<p>Franziskus spricht aus seiner Erfahrung, indem er \u00fcber das Gebet schreibt, dass er die Worte Jesu h\u00f6rte, als s\u00e4\u03b2e er neben der Samariterin, aufmerksam zuh\u00f6rend. \u2026 in den Felsspalten und versteckt an der Steilwand (<em>Hld 2,14<\/em>) w\u00fcrde er seine Wohnung bauen.<\/p>\n<hr style=\"border-top: 1px dotted #2f3366\" \/>\n","protected":false},"excerpt":{"rendered":"<p>Franziskus spricht aus seiner Erfahrung, indem er \u00fcber das Gebet schreibt, dass er die Worte Jesu h\u00f6rte, als s\u00e4\u03b2e er neben der Samariterin, aufmerksam zuh\u00f6rend. \u2026 in den Felsspalten und versteckt an der Steilwand (Hld 2,14) w\u00fcrde er seine Wohnung bauen.<\/p>\n","protected":false},"author":1,"featured_media":0,"comment_status":"closed","ping_status":"closed","template":"","meta":{"__wpdm_changelog":[]},"wpdmcategory":[63],"wpdmtag":[],"class_list":["post-1504","wpdmpro","type-wpdmpro","status-publish","hentry","wpdmcategory-rates-beitrag-2021"],"_links":{"self":[{"href":"https:\/\/www.ifc-tor.org\/es\/wp-json\/wp\/v2\/wpdmpro\/1504","targetHints":{"allow":["GET"]}}],"collection":[{"href":"https:\/\/www.ifc-tor.org\/es\/wp-json\/wp\/v2\/wpdmpro"}],"about":[{"href":"https:\/\/www.ifc-tor.org\/es\/wp-json\/wp\/v2\/types\/wpdmpro"}],"author":[{"embeddable":true,"href":"https:\/\/www.ifc-tor.org\/es\/wp-json\/wp\/v2\/users\/1"}],"replies":[{"embeddable":true,"href":"https:\/\/www.ifc-tor.org\/es\/wp-json\/wp\/v2\/comments?post=1504"}],"wp:attachment":[{"href":"https:\/\/www.ifc-tor.org\/es\/wp-json\/wp\/v2\/media?parent=1504"}],"wp:term":[{"taxonomy":"wpdmcategory","embeddable":true,"href":"https:\/\/www.ifc-tor.org\/es\/wp-json\/wp\/v2\/wpdmcategory?post=1504"},{"taxonomy":"wpdmtag","embeddable":true,"href":"https:\/\/www.ifc-tor.org\/es\/wp-json\/wp\/v2\/wpdmtag?post=1504"}],"curies":[{"name":"wp","href":"https:\/\/api.w.org\/{rel}","templated":true}]}}