{"id":4292,"date":"2023-11-30T09:00:47","date_gmt":"2023-11-30T09:00:47","guid":{"rendered":"https:\/\/www.ifc-tor.org\/downloads\/letter-pope-francis-franciscan-family-nov-2023\/"},"modified":"2023-11-30T09:00:47","modified_gmt":"2023-11-30T09:00:47","slug":"brief-papst-franziskus-franziskanischen-familie-nov-2023","status":"publish","type":"wpdmpro","link":"https:\/\/www.ifc-tor.org\/es\/wpdm-package\/brief-papst-franziskus-franziskanischen-familie-nov-2023\/","title":{"rendered":"Brief Papst Franziskus \u00b7 An die Mitglieder der franziskanischen Familie \u2014 Das 800. Jubil\u00e4um der Best\u00e4tigung der Regula Bullata"},"content":{"rendered":"<blockquote><p><img decoding=\"async\" class=\"size-full wp-image-3844 alignleft\" src=\"https:\/\/www.ifc-tor.org\/wp-content\/uploads\/logo-franciscan-centenary.png\" alt=\"\" width=\"150\" height=\"171\" \/><\/p>\n<p style=\"text-align: justify;line-height: 1.4em!important\"><span style=\"color: #2f3366;font-weight: normal\">Liebe Schwestern und Br\u00fcder!<br \/>\n<\/span><\/p>\n<p style=\"text-align: justify;line-height: 1.4em!important\"><span style=\"color: #2f3366;font-weight: normal\">Mit Freude im Herzen m\u00f6chte ich euch meine Gedanken zu einem so wichtigen Anlass f\u00fcr die gesamte franziskanische Familie \u00fcbermitteln, deren Unterst\u00fctzung im Gebet und deren vertrauensvolle N\u00e4he ich seit Beginn meines Petrusdienstes sp\u00fcre. Das 800. Jubil\u00e4um der Best\u00e4tigung der Regel der Minderen Br\u00fcder durch Papst Honorius III. im Lateran, das auf den 29. November 1223 zur\u00fcckgeht, ist eine g\u00fcnstige Gelegenheit, nicht nur an ein historisches Ereignis zu erinnern, sondern vor allem daf\u00fcr, um in euch denselben Geist neu zum Leben zu bringen, der Franz von Assisi dazu inspiriert hat, sich von allem zu ent\u00e4u\u00dfern und eine einzigartige und faszinierende Lebensform zu begr\u00fcnden, die im Evangelium verwurzelt ist und <em>sine glossa<\/em> gelebt wird. <\/span><\/p>\n<p style=\"text-align: justify;line-height: 1.4em!important\"><span style=\"color: #2f3366;font-weight: normal\">M\u00f6ge dieses Jubil\u00e4um f\u00fcr alle eine Zeit der inneren Wiedergeburt sein, eine Zeit des erneuerten missionarischen Auftrags der Kirche, die dazu aufruft, hinauszugehen, um der Welt zu begegnen, in der viele Schwestern und Br\u00fcder darauf warten, getr\u00f6stet, geliebt und umsorgt zu werden. Von diesen Gef\u00fchlen bewegt, m\u00f6chte ich euch einige Hinweise geben, die sich aus den Worten des Poverello von Assisi selbst ergeben, der seinen Br\u00fcdern auftrug, \u201edie Armut und Demut und das heilige Evangelium unseres Herrn Jesus (zu) beobachten\u201c (NbR 12,4).<\/span><\/p>\n<\/blockquote>\n","protected":false},"excerpt":{"rendered":"<p>Liebe Schwestern und Br\u00fcder! Mit Freude im Herzen m\u00f6chte ich euch meine Gedanken zu einem so wichtigen Anlass f\u00fcr die gesamte franziskanische Familie \u00fcbermitteln, deren Unterst\u00fctzung im Gebet und deren vertrauensvolle N\u00e4he ich seit Beginn meines Petrusdienstes sp\u00fcre. Das 800. Jubil\u00e4um der Best\u00e4tigung der Regel der Minderen Br\u00fcder durch Papst Honorius III. im Lateran, das [&hellip;]<\/p>\n","protected":false},"author":1,"featured_media":0,"comment_status":"closed","ping_status":"closed","template":"","meta":{"__wpdm_changelog":[]},"wpdmcategory":[],"wpdmtag":[],"class_list":["post-4292","wpdmpro","type-wpdmpro","status-publish","hentry"],"_links":{"self":[{"href":"https:\/\/www.ifc-tor.org\/es\/wp-json\/wp\/v2\/wpdmpro\/4292","targetHints":{"allow":["GET"]}}],"collection":[{"href":"https:\/\/www.ifc-tor.org\/es\/wp-json\/wp\/v2\/wpdmpro"}],"about":[{"href":"https:\/\/www.ifc-tor.org\/es\/wp-json\/wp\/v2\/types\/wpdmpro"}],"author":[{"embeddable":true,"href":"https:\/\/www.ifc-tor.org\/es\/wp-json\/wp\/v2\/users\/1"}],"replies":[{"embeddable":true,"href":"https:\/\/www.ifc-tor.org\/es\/wp-json\/wp\/v2\/comments?post=4292"}],"wp:attachment":[{"href":"https:\/\/www.ifc-tor.org\/es\/wp-json\/wp\/v2\/media?parent=4292"}],"wp:term":[{"taxonomy":"wpdmcategory","embeddable":true,"href":"https:\/\/www.ifc-tor.org\/es\/wp-json\/wp\/v2\/wpdmcategory?post=4292"},{"taxonomy":"wpdmtag","embeddable":true,"href":"https:\/\/www.ifc-tor.org\/es\/wp-json\/wp\/v2\/wpdmtag?post=4292"}],"curies":[{"name":"wp","href":"https:\/\/api.w.org\/{rel}","templated":true}]}}