{"id":4310,"date":"2024-01-01T09:00:18","date_gmt":"2024-01-01T09:00:18","guid":{"rendered":"https:\/\/www.ifc-tor.org\/downloads\/letter-about-propositum-2024-n1\/"},"modified":"2024-01-01T09:00:18","modified_gmt":"2024-01-01T09:00:18","slug":"letter-about-propositum-2024-n1-2","status":"publish","type":"wpdmpro","link":"https:\/\/www.ifc-tor.org\/es\/wpdm-package\/letter-about-propositum-2024-n1-2\/","title":{"rendered":"Lettre sur Propositum 2024 \u00b7 Th\u00e8me sugg\u00e9r\u00e9 : \u00ab Le Christ, saint Fran\u00e7ois et le sens de la souffrance dans notre monde moderne \u00bb"},"content":{"rendered":"<p>Le prochain num\u00e9ro de Propositum sera publi\u00e9 en ligne apr\u00e8s P\u00e2ques. En incorporant la c\u00e9l\u00e9bration du 800e anniversaire des stigmates de saint Fran\u00e7ois, le th\u00e8me du Propositum sera \u00abLe Christ, saint Fran\u00e7ois et le sens de la souffrance dans notre monde moderne\u00bb. <\/p>\n<p>Il s&#8217;agira d&#8217;un suivi du dernier Propositum dans la mesure o\u00f9 nous recherchons les r\u00e9ponses des membres du Tiers-Ordre des congr\u00e9gations sur les sujets abord\u00e9s. Nous esp\u00e9rons que les soumissions refl\u00e9teront les exp\u00e9riences personnelles des auteurs.<\/p>\n","protected":false},"excerpt":{"rendered":"<p>Le prochain num\u00e9ro de Propositum sera publi\u00e9 en ligne apr\u00e8s P\u00e2ques. En incorporant la c\u00e9l\u00e9bration du 800e anniversaire des stigmates de saint Fran\u00e7ois, le th\u00e8me du Propositum sera \u00abLe Christ, saint Fran\u00e7ois et le sens de la souffrance dans notre monde moderne\u00bb. Il s&#8217;agira d&#8217;un suivi du dernier Propositum dans la mesure o\u00f9 nous recherchons [&hellip;]<\/p>\n","protected":false},"author":1,"featured_media":0,"comment_status":"closed","ping_status":"closed","template":"","meta":{"__wpdm_changelog":[]},"wpdmcategory":[],"wpdmtag":[],"class_list":["post-4310","wpdmpro","type-wpdmpro","status-publish","hentry"],"_links":{"self":[{"href":"https:\/\/www.ifc-tor.org\/es\/wp-json\/wp\/v2\/wpdmpro\/4310","targetHints":{"allow":["GET"]}}],"collection":[{"href":"https:\/\/www.ifc-tor.org\/es\/wp-json\/wp\/v2\/wpdmpro"}],"about":[{"href":"https:\/\/www.ifc-tor.org\/es\/wp-json\/wp\/v2\/types\/wpdmpro"}],"author":[{"embeddable":true,"href":"https:\/\/www.ifc-tor.org\/es\/wp-json\/wp\/v2\/users\/1"}],"replies":[{"embeddable":true,"href":"https:\/\/www.ifc-tor.org\/es\/wp-json\/wp\/v2\/comments?post=4310"}],"wp:attachment":[{"href":"https:\/\/www.ifc-tor.org\/es\/wp-json\/wp\/v2\/media?parent=4310"}],"wp:term":[{"taxonomy":"wpdmcategory","embeddable":true,"href":"https:\/\/www.ifc-tor.org\/es\/wp-json\/wp\/v2\/wpdmcategory?post=4310"},{"taxonomy":"wpdmtag","embeddable":true,"href":"https:\/\/www.ifc-tor.org\/es\/wp-json\/wp\/v2\/wpdmtag?post=4310"}],"curies":[{"name":"wp","href":"https:\/\/api.w.org\/{rel}","templated":true}]}}