{"id":4438,"date":"2024-06-25T09:00:20","date_gmt":"2024-06-25T09:00:20","guid":{"rendered":"https:\/\/www.ifc-tor.org\/downloads\/letter-about-propositum-2-2024\/"},"modified":"2024-06-25T09:00:20","modified_gmt":"2024-06-25T09:00:20","slug":"letter-about-propositum-2-2024-5","status":"publish","type":"wpdmpro","link":"https:\/\/www.ifc-tor.org\/es\/wpdm-package\/letter-about-propositum-2-2024-5\/","title":{"rendered":"Carta sobre Propositum 2 \/ 2024 \u00b7 Tema propuesto: \u201cEl C\u00e1ntico de la Creaci\u00f3n a la luz de Laudato Si\u201d"},"content":{"rendered":"<p>El pr\u00f3ximo n\u00famero de Propositum se publicar\u00e1 en l\u00ednea en noviembre. Con motivo de la celebraci\u00f3n del 800 aniversario del C\u00e1ntico de la Creaci\u00f3n en 2025, el tema del Propositum ser\u00e1 \u00abEl C\u00e1ntico de la Creaci\u00f3n a la luz de Laudato Si\u00bb. El C\u00e1ntico de la Creaci\u00f3n ofrece a todos las bendiciones que Francisco imagin\u00f3 al contemplar la creaci\u00f3n y darse cuenta de su conexi\u00f3n con la creaci\u00f3n y de la conexi\u00f3n de toda la creaci\u00f3n con todas las dem\u00e1s partes del mundo.<br \/>\nCon estos pensamientos en mente, invitamos a nuestros hermanos y hermanas a presentar reflexiones originales sobre el tema que se publicar\u00e1n en el pr\u00f3ximo n\u00famero del Propositum. Adem\u00e1s de las reflexiones escritas, aceptamos obras de arte originales que tambi\u00e9n puedan publicarse.<\/p>\n","protected":false},"excerpt":{"rendered":"<p>El pr\u00f3ximo n\u00famero de Propositum se publicar\u00e1 en l\u00ednea en noviembre. Con motivo de la celebraci\u00f3n del 800 aniversario del C\u00e1ntico de la Creaci\u00f3n en 2025, el tema del Propositum ser\u00e1 \u00abEl C\u00e1ntico de la Creaci\u00f3n a la luz de Laudato Si\u00bb. El C\u00e1ntico de la Creaci\u00f3n ofrece a todos las bendiciones que Francisco imagin\u00f3 [&hellip;]<\/p>\n","protected":false},"author":1,"featured_media":0,"comment_status":"closed","ping_status":"closed","template":"","meta":{"__wpdm_changelog":[]},"wpdmcategory":[],"wpdmtag":[],"class_list":["post-4438","wpdmpro","type-wpdmpro","status-publish","hentry"],"_links":{"self":[{"href":"https:\/\/www.ifc-tor.org\/es\/wp-json\/wp\/v2\/wpdmpro\/4438","targetHints":{"allow":["GET"]}}],"collection":[{"href":"https:\/\/www.ifc-tor.org\/es\/wp-json\/wp\/v2\/wpdmpro"}],"about":[{"href":"https:\/\/www.ifc-tor.org\/es\/wp-json\/wp\/v2\/types\/wpdmpro"}],"author":[{"embeddable":true,"href":"https:\/\/www.ifc-tor.org\/es\/wp-json\/wp\/v2\/users\/1"}],"replies":[{"embeddable":true,"href":"https:\/\/www.ifc-tor.org\/es\/wp-json\/wp\/v2\/comments?post=4438"}],"wp:attachment":[{"href":"https:\/\/www.ifc-tor.org\/es\/wp-json\/wp\/v2\/media?parent=4438"}],"wp:term":[{"taxonomy":"wpdmcategory","embeddable":true,"href":"https:\/\/www.ifc-tor.org\/es\/wp-json\/wp\/v2\/wpdmcategory?post=4438"},{"taxonomy":"wpdmtag","embeddable":true,"href":"https:\/\/www.ifc-tor.org\/es\/wp-json\/wp\/v2\/wpdmtag?post=4438"}],"curies":[{"name":"wp","href":"https:\/\/api.w.org\/{rel}","templated":true}]}}