{"id":4449,"date":"2024-09-30T09:00:07","date_gmt":"2024-09-30T09:00:07","guid":{"rendered":"https:\/\/www.ifc-tor.org\/downloads\/feast-of-st-francis-october-4-2024\/"},"modified":"2024-09-30T09:00:07","modified_gmt":"2024-09-30T09:00:07","slug":"feast-of-st-francis-october-4-2024-2","status":"publish","type":"wpdmpro","link":"https:\/\/www.ifc-tor.org\/es\/wpdm-package\/feast-of-st-francis-october-4-2024-2\/","title":{"rendered":"F\u00eate de saint Fran\u00e7ois \u2014 4 octobre 2024"},"content":{"rendered":"<blockquote>\n<p style=\"text-align: justify;line-height: 1.4em!important\"><span style=\"color: #2f3366;font-weight: normal\">Ch\u00e8res soeurs et chers fr\u00e8res, Pace e Bene !<br \/>\nJoyeuse f\u00eate des stigmates de saint Fran\u00e7ois! Cette f\u00eate, pour beaucoup d&#8217;entre nous dans la famille franciscaine, marque le d\u00e9but de la pr\u00e9paration de la f\u00eate de notre fr\u00e8re, saint Fran\u00e7ois. En cette ann\u00e9e sp\u00e9ciale au cours de laquelle nous comm\u00e9morons le 800e anniversaire de la r\u00e9ception des stigmates par saint Fran\u00e7ois \u00e0 LaVerna, nous c\u00e9l\u00e9brons ce rappel de la grandeur de l&#8217;amour de Fran\u00e7ois pour le Christ et de la grandeur de l&#8217;amour du Christ pour saint Fran\u00e7ois.<\/span><\/p>\n<\/blockquote>\n","protected":false},"excerpt":{"rendered":"<p>Ch\u00e8res soeurs et chers fr\u00e8res, Pace e Bene ! Joyeuse f\u00eate des stigmates de saint Fran\u00e7ois! Cette f\u00eate, pour beaucoup d&#8217;entre nous dans la famille franciscaine, marque le d\u00e9but de la pr\u00e9paration de la f\u00eate de notre fr\u00e8re, saint Fran\u00e7ois. En cette ann\u00e9e sp\u00e9ciale au cours de laquelle nous comm\u00e9morons le 800e anniversaire de la [&hellip;]<\/p>\n","protected":false},"author":1,"featured_media":0,"comment_status":"closed","ping_status":"closed","template":"","meta":{"__wpdm_changelog":[]},"wpdmcategory":[],"wpdmtag":[],"class_list":["post-4449","wpdmpro","type-wpdmpro","status-publish","hentry"],"_links":{"self":[{"href":"https:\/\/www.ifc-tor.org\/es\/wp-json\/wp\/v2\/wpdmpro\/4449","targetHints":{"allow":["GET"]}}],"collection":[{"href":"https:\/\/www.ifc-tor.org\/es\/wp-json\/wp\/v2\/wpdmpro"}],"about":[{"href":"https:\/\/www.ifc-tor.org\/es\/wp-json\/wp\/v2\/types\/wpdmpro"}],"author":[{"embeddable":true,"href":"https:\/\/www.ifc-tor.org\/es\/wp-json\/wp\/v2\/users\/1"}],"replies":[{"embeddable":true,"href":"https:\/\/www.ifc-tor.org\/es\/wp-json\/wp\/v2\/comments?post=4449"}],"wp:attachment":[{"href":"https:\/\/www.ifc-tor.org\/es\/wp-json\/wp\/v2\/media?parent=4449"}],"wp:term":[{"taxonomy":"wpdmcategory","embeddable":true,"href":"https:\/\/www.ifc-tor.org\/es\/wp-json\/wp\/v2\/wpdmcategory?post=4449"},{"taxonomy":"wpdmtag","embeddable":true,"href":"https:\/\/www.ifc-tor.org\/es\/wp-json\/wp\/v2\/wpdmtag?post=4449"}],"curies":[{"name":"wp","href":"https:\/\/api.w.org\/{rel}","templated":true}]}}