{"id":1519,"date":"2022-01-01T12:00:13","date_gmt":"2022-01-01T12:00:13","guid":{"rendered":"https:\/\/www.ifc-tor.org\/downloads\/2021-council-4th-input-srdolores\/"},"modified":"2022-01-01T12:00:13","modified_gmt":"2022-01-01T12:00:13","slug":"2021-council-4th-input-srdolores-2","status":"publish","type":"wpdmpro","link":"https:\/\/www.ifc-tor.org\/it\/wpdm-package\/2021-council-4th-input-srdolores-2\/","title":{"rendered":"4e contribution du Conseil &#8211; S\u0153ur Dolores"},"content":{"rendered":"<p>Fran\u00e7ois est m\u00fb par l\u2019urgence \u00e9vang\u00e9lique d\u2019annoncer les paroles du Verbe du P\u00e8re et les paroles de l\u2019Esprit saint \u00ab qui sont esprit et vie \u00bb. Ce n\u2019est pas une spiritualit\u00e9 d\u00e9sincarn\u00e9e, mais un Esprit qui est vie, qui se fait chair et qui donne la vraie vie, en pl\u00e9nitude.<\/p>\n<hr style=\"border-top: 1px dotted #2f3366\" \/>\n","protected":false},"excerpt":{"rendered":"<p>Fran\u00e7ois est m\u00fb par l\u2019urgence \u00e9vang\u00e9lique d\u2019annoncer les paroles du Verbe du P\u00e8re et les paroles de l\u2019Esprit saint \u00ab qui sont esprit et vie \u00bb. Ce n\u2019est pas une spiritualit\u00e9 d\u00e9sincarn\u00e9e, mais un Esprit qui est vie, qui se fait chair et qui donne la vraie vie, en pl\u00e9nitude.<\/p>\n","protected":false},"author":1,"featured_media":0,"comment_status":"closed","ping_status":"closed","template":"","meta":{"__wpdm_changelog":[]},"wpdmcategory":[62],"wpdmtag":[],"class_list":["post-1519","wpdmpro","type-wpdmpro","status-publish","hentry","wpdmcategory-conseil-contribution-2021"],"_links":{"self":[{"href":"https:\/\/www.ifc-tor.org\/it\/wp-json\/wp\/v2\/wpdmpro\/1519","targetHints":{"allow":["GET"]}}],"collection":[{"href":"https:\/\/www.ifc-tor.org\/it\/wp-json\/wp\/v2\/wpdmpro"}],"about":[{"href":"https:\/\/www.ifc-tor.org\/it\/wp-json\/wp\/v2\/types\/wpdmpro"}],"author":[{"embeddable":true,"href":"https:\/\/www.ifc-tor.org\/it\/wp-json\/wp\/v2\/users\/1"}],"replies":[{"embeddable":true,"href":"https:\/\/www.ifc-tor.org\/it\/wp-json\/wp\/v2\/comments?post=1519"}],"wp:attachment":[{"href":"https:\/\/www.ifc-tor.org\/it\/wp-json\/wp\/v2\/media?parent=1519"}],"wp:term":[{"taxonomy":"wpdmcategory","embeddable":true,"href":"https:\/\/www.ifc-tor.org\/it\/wp-json\/wp\/v2\/wpdmcategory?post=1519"},{"taxonomy":"wpdmtag","embeddable":true,"href":"https:\/\/www.ifc-tor.org\/it\/wp-json\/wp\/v2\/wpdmtag?post=1519"}],"curies":[{"name":"wp","href":"https:\/\/api.w.org\/{rel}","templated":true}]}}