{"id":2499,"date":"2022-05-31T09:00:56","date_gmt":"2022-05-31T09:00:56","guid":{"rendered":"https:\/\/www.ifc-tor.org\/downloads\/letter-president-may-25-2022\/"},"modified":"2022-05-31T09:00:56","modified_gmt":"2022-05-31T09:00:56","slug":"lettre-president-25-mai-2022","status":"publish","type":"wpdmpro","link":"https:\/\/www.ifc-tor.org\/it\/wpdm-package\/lettre-president-25-mai-2022\/","title":{"rendered":"Lettre Pr\u00e9sident \u00c9lu \u00b7 mai 2022"},"content":{"rendered":"<p>La nouvelle pr\u00e9sidente et le nouveau Conseil se r\u00e9uniront dans les semaines \u00e0 venir pour discuter des plans visant \u00e0 la mise en \u0153uvre de Vision et actions concr\u00e8tes pour l\u2019avenir de la CFI-TOR (2022-2026), issues des d\u00e9bats qui se sont d\u00e9roul\u00e9s tout au long de la semaine. \u00c0 cette occasion, nous choisirons le\/la vice-pr\u00e9sident(e). Apr\u00e8s la r\u00e9union du Conseil, nous vous ferons part de nos projets et de la mani\u00e8re dont vous pouvez y participer au cours des quatre prochaines ann\u00e9es.<\/p>\n","protected":false},"excerpt":{"rendered":"<p>La nouvelle pr\u00e9sidente et le nouveau Conseil se r\u00e9uniront dans les semaines \u00e0 venir pour discuter des plans visant \u00e0 la mise en \u0153uvre de Vision et actions concr\u00e8tes pour l\u2019avenir de la CFI-TOR (2022-2026), issues des d\u00e9bats qui se sont d\u00e9roul\u00e9s tout au long de la semaine. \u00c0 cette occasion, nous choisirons le\/la vice-pr\u00e9sident(e). [&hellip;]<\/p>\n","protected":false},"author":1,"featured_media":0,"comment_status":"closed","ping_status":"closed","template":"","meta":{"__wpdm_changelog":[]},"wpdmcategory":[],"wpdmtag":[],"class_list":["post-2499","wpdmpro","type-wpdmpro","status-publish","hentry"],"_links":{"self":[{"href":"https:\/\/www.ifc-tor.org\/it\/wp-json\/wp\/v2\/wpdmpro\/2499","targetHints":{"allow":["GET"]}}],"collection":[{"href":"https:\/\/www.ifc-tor.org\/it\/wp-json\/wp\/v2\/wpdmpro"}],"about":[{"href":"https:\/\/www.ifc-tor.org\/it\/wp-json\/wp\/v2\/types\/wpdmpro"}],"author":[{"embeddable":true,"href":"https:\/\/www.ifc-tor.org\/it\/wp-json\/wp\/v2\/users\/1"}],"replies":[{"embeddable":true,"href":"https:\/\/www.ifc-tor.org\/it\/wp-json\/wp\/v2\/comments?post=2499"}],"wp:attachment":[{"href":"https:\/\/www.ifc-tor.org\/it\/wp-json\/wp\/v2\/media?parent=2499"}],"wp:term":[{"taxonomy":"wpdmcategory","embeddable":true,"href":"https:\/\/www.ifc-tor.org\/it\/wp-json\/wp\/v2\/wpdmcategory?post=2499"},{"taxonomy":"wpdmtag","embeddable":true,"href":"https:\/\/www.ifc-tor.org\/it\/wp-json\/wp\/v2\/wpdmtag?post=2499"}],"curies":[{"name":"wp","href":"https:\/\/api.w.org\/{rel}","templated":true}]}}