{"id":4176,"date":"2023-09-08T09:00:01","date_gmt":"2023-09-08T09:00:01","guid":{"rendered":"https:\/\/www.ifc-tor.org\/downloads\/letter-ifc-tor-office-transition-executive-director\/"},"modified":"2023-09-08T09:00:01","modified_gmt":"2023-09-08T09:00:01","slug":"schreiben-uebergang-ifk-rdo-bueros-exekutivdirektors","status":"publish","type":"wpdmpro","link":"https:\/\/www.ifc-tor.org\/it\/wpdm-package\/schreiben-uebergang-ifk-rdo-bueros-exekutivdirektors\/","title":{"rendered":"Schreiben an die Mitglieder zum \u00dcbergang des IFC-TOR-B\u00fcros &#8211; Position des Exekutivdirektors"},"content":{"rendered":"<p>Von September bis Oktober dieses Jahres wird im B\u00fcro der IFK-TOR in Rom ein anderer \u00dcbergang stattfinden. Unsere treue Freundin und Sekret\u00e4rin, Schwester Margherita Merlino, wird nach vielen Jahren des Dienstes f\u00fcr diese Konferenz in den Ruhestand gehen. Schwester Margherita wird den ganzen September \u00fcber weiterarbeiten und im Oktober auf Abruf zur Verf\u00fcgung stehen, um den \u00dcbergang des Dienstes an unsere neue Gesch\u00e4ftsleiterin zu unterst\u00fctzen. Wir begr\u00fc\u00dfen Emanuela Miceli als unsere neue Gesch\u00e4ftsleiterin.<br \/>\nEmanuela wird ihre Arbeit im IFK-TOR B\u00fcro am 11. September aufnehmen und den Monat September an der Seite von Schwester Margherita arbeiten. Emanuela war in Italien in der Leitung von gemeinn\u00fctzigen Organisationen t\u00e4tig und spricht flie\u00dfend Italienisch (Muttersprache) und Englisch. Sie spricht auch gut Spanisch.<\/p>\n","protected":false},"excerpt":{"rendered":"<p>Von September bis Oktober dieses Jahres wird im B\u00fcro der IFK-TOR in Rom ein anderer \u00dcbergang stattfinden. Unsere treue Freundin und Sekret\u00e4rin, Schwester Margherita Merlino, wird nach vielen Jahren des Dienstes f\u00fcr diese Konferenz in den Ruhestand gehen. Schwester Margherita wird den ganzen September \u00fcber weiterarbeiten und im Oktober auf Abruf zur Verf\u00fcgung stehen, um [&hellip;]<\/p>\n","protected":false},"author":1,"featured_media":0,"comment_status":"closed","ping_status":"closed","template":"","meta":{"__wpdm_changelog":[]},"wpdmcategory":[],"wpdmtag":[],"class_list":["post-4176","wpdmpro","type-wpdmpro","status-publish","hentry"],"_links":{"self":[{"href":"https:\/\/www.ifc-tor.org\/it\/wp-json\/wp\/v2\/wpdmpro\/4176","targetHints":{"allow":["GET"]}}],"collection":[{"href":"https:\/\/www.ifc-tor.org\/it\/wp-json\/wp\/v2\/wpdmpro"}],"about":[{"href":"https:\/\/www.ifc-tor.org\/it\/wp-json\/wp\/v2\/types\/wpdmpro"}],"author":[{"embeddable":true,"href":"https:\/\/www.ifc-tor.org\/it\/wp-json\/wp\/v2\/users\/1"}],"replies":[{"embeddable":true,"href":"https:\/\/www.ifc-tor.org\/it\/wp-json\/wp\/v2\/comments?post=4176"}],"wp:attachment":[{"href":"https:\/\/www.ifc-tor.org\/it\/wp-json\/wp\/v2\/media?parent=4176"}],"wp:term":[{"taxonomy":"wpdmcategory","embeddable":true,"href":"https:\/\/www.ifc-tor.org\/it\/wp-json\/wp\/v2\/wpdmcategory?post=4176"},{"taxonomy":"wpdmtag","embeddable":true,"href":"https:\/\/www.ifc-tor.org\/it\/wp-json\/wp\/v2\/wpdmtag?post=4176"}],"curies":[{"name":"wp","href":"https:\/\/api.w.org\/{rel}","templated":true}]}}